{"id":8209,"date":"2022-07-22T11:15:19","date_gmt":"2022-07-22T09:15:19","guid":{"rendered":"http:\/\/dev.claret.cat\/?page_id=8209"},"modified":"2022-09-22T18:12:16","modified_gmt":"2022-09-22T16:12:16","slug":"editoriales","status":"publish","type":"page","link":"https:\/\/distribuidora.claret.cat\/es\/editoriales\/","title":{"rendered":"Editoriales"},"content":{"rendered":"<div id=\"pl-8209\"  class=\"panel-layout\" ><div id=\"pg-8209-0\"  class=\"panel-grid panel-no-style\" ><div id=\"pgc-8209-0-0\"  class=\"panel-grid-cell\" >\t<div class=\"filtro-alfabetico\">\n\t<a href=\"\/es\/editoriales\/\" class=\"activo\">_<\/a>\n\t<a href=\"\/es\/editoriales\/?l=a\" class=\"\">A<\/a>\n\t<a href=\"\/es\/editoriales\/?l=b\" class=\"\">B<\/a>\n\t<a href=\"\/es\/editoriales\/?l=c\" class=\"\">C<\/a>\n\t<a href=\"\/es\/editoriales\/?l=d\" class=\"\">D<\/a>\n\t<a href=\"\/es\/editoriales\/?l=e\" class=\"\">E<\/a>\n\t<a href=\"\/es\/editoriales\/?l=f\" class=\"\">F<\/a>\n\t<a href=\"\/es\/editoriales\/?l=g\" class=\"\">G<\/a>\n\t<a href=\"\/es\/editoriales\/?l=h\" class=\"\">H<\/a>\n\t<a href=\"\/es\/editoriales\/?l=i\" class=\"\">I<\/a>\n\t<a href=\"\/es\/editoriales\/?l=j\" class=\"\">J<\/a>\n\t<a href=\"\/es\/editoriales\/?l=k\" class=\"\">K<\/a>\n\t<a href=\"\/es\/editoriales\/?l=l\" class=\"\">L<\/a>\n\t<a href=\"\/es\/editoriales\/?l=m\" class=\"\">M<\/a>\n\t<a href=\"\/es\/editoriales\/?l=n\" class=\"\">N<\/a>\n\t<a href=\"\/es\/editoriales\/?l=o\" class=\"\">O<\/a>\n\t<a href=\"\/es\/editoriales\/?l=p\" class=\"\">P<\/a>\n\t<a href=\"\/es\/editoriales\/?l=q\" class=\"\">Q<\/a>\n\t<a href=\"\/es\/editoriales\/?l=r\" class=\"\">R<\/a>\n\t<a href=\"\/es\/editoriales\/?l=s\" class=\"\">S<\/a>\n\t<a href=\"\/es\/editoriales\/?l=t\" class=\"\">T<\/a>\n\t<a href=\"\/es\/editoriales\/?l=u\" class=\"\">U<\/a>\n\t<a href=\"\/es\/editoriales\/?l=v\" class=\"\">V<\/a>\n\t<a href=\"\/es\/editoriales\/?l=w\" class=\"\">W<\/a>\n\t<a href=\"\/es\/editoriales\/?l=x\" class=\"\">X<\/a>\n\t<a href=\"\/es\/editoriales\/?l=y\" class=\"\">Y<\/a>\n\t<a href=\"\/es\/editoriales\/?l=z\" class=\"\">Z<\/a>\n\t<\/div>\n\t<ul class=\"loop-editoriales\"><li><a href=\"\/es\/catalogo\/?e=473477\">ABADIA DE MONTSERRAT<\/a><\/li><li><a href=\"\/es\/catalogo\/?e=473479\">ABADIA MONTSERRAT\/PAMSA<\/a><\/li><li><a href=\"\/es\/catalogo\/?e=473480\">AKAL<\/a><\/li><li><a href=\"\/es\/catalogo\/?e=473481\">ALBADA S.L.<\/a><\/li><li><a href=\"\/es\/catalogo\/?e=473482\">ALIENTA EDITORIAL<\/a><\/li><li><a href=\"\/es\/catalogo\/?e=473483\">APOST. ORACI\u00d3N-SEVILLA<\/a><\/li><li><a href=\"\/es\/catalogo\/?e=473484\">APOSTOLADO DIVINA MISERICORDIA<\/a><\/li><li><a href=\"\/es\/catalogo\/?e=473485\">APOSTOLADO ORACI\u00d3N (ALONSO)<\/a><\/li><li><a href=\"\/es\/catalogo\/?e=473486\">ARANTZAZU<\/a><\/li><li><a href=\"\/es\/catalogo\/?e=529175\">Asociaci\u00f3n B\u00edblica de Cat. (Biblias)<\/a><\/li><li><a href=\"\/es\/catalogo\/?e=473487\">ASSOCIACI\u00d3 CRISTIANISME AL SEGLE XXI<\/a><\/li><li><a href=\"\/es\/catalogo\/?e=473488\">ASSOCIACI\u00d3 D&#8217;EDITORS DE LA BCI<\/a><\/li><li><a href=\"\/es\/catalogo\/?e=473489\">B.A.C.<\/a><\/li><li><a href=\"\/es\/catalogo\/?e=517042\">B&#038;H ESPA\u00d1OL<\/a><\/li><li><a href=\"\/es\/catalogo\/?e=505375\">BAC<\/a><\/li><li><a href=\"\/es\/catalogo\/?e=505376\">BIBLIOTECA AUTORES CRI   B.A.C<\/a><\/li><li><a href=\"\/es\/catalogo\/?e=507510\">BIBLIOTECA AUTORES CRISTIANOS<\/a><\/li><li><a href=\"\/es\/catalogo\/?e=530207\">BIBLIOTECA DE AUTORES CRISTIANOS. B.A.C.<\/a><\/li><li><a href=\"\/es\/catalogo\/?e=505377\">BIBLIOTECA DE AUTORES CRISTIANOS. BAC<\/a><\/li><li><a href=\"\/es\/catalogo\/?e=473490\">BISBAT DE BARCELONA<\/a><\/li><li><a href=\"\/es\/catalogo\/?e=473491\">BISBAT DE VIC<\/a><\/li><li><a href=\"\/es\/catalogo\/?e=530928\">BUBOK PUBLISHING<\/a><\/li><li><a href=\"\/es\/catalogo\/?e=473492\">CAPUTXINS DIAGONAL<\/a><\/li><li><a href=\"\/es\/catalogo\/?e=473493\">CARBONELL GERMES, LLUIS<\/a><\/li><li><a href=\"\/es\/catalogo\/?e=473494\">CARITAS<\/a><\/li><li><a href=\"\/es\/catalogo\/?e=473495\">CASTRO LLORENS, JOSEP M.<\/a><\/li><li><a href=\"\/es\/catalogo\/?e=473496\">Central Catequ\u00edstica Salesiana<\/a><\/li><li><a href=\"\/es\/catalogo\/?e=473497\">CENTRO EVANGELIO Y LIBERACI\u00d3N<\/a><\/li><li><a href=\"\/es\/catalogo\/?e=473498\">Ciudad Nueva<\/a><\/li><li><a href=\"\/es\/catalogo\/?e=473499\">CLARET<\/a><\/li><li><a href=\"\/es\/catalogo\/?e=528573\">CLAVE INTELECTUAL<\/a><\/li><li><a href=\"\/es\/catalogo\/?e=473504\">COBEL COMUNICACION<\/a><\/li><li><a href=\"\/es\/catalogo\/?e=473505\">COMPANYIA DE JESUS<\/a><\/li><li><a href=\"\/es\/catalogo\/?e=515694\">CONFERENCIA EPISCOPAL ESPA OLA<\/a><\/li><li><a href=\"\/es\/catalogo\/?e=473506\">CONRAD VILANOU TORRANO<\/a><\/li><li><a href=\"\/es\/catalogo\/?e=473507\">CPL<\/a><\/li><li><a href=\"\/es\/catalogo\/?e=473508\">Cristiandad<\/a><\/li><li><a href=\"\/es\/catalogo\/?e=473509\">DESCLEE DE BROUWER<\/a><\/li><li><a href=\"\/es\/catalogo\/?e=531848\">DEUTSCHE BIBELGESELLSCHAFT<\/a><\/li><li><a href=\"\/es\/catalogo\/?e=506666\">EDIBESA<\/a><\/li><li><a href=\"\/es\/catalogo\/?e=505378\">EDIBESA &#8211; propi<\/a><\/li><li><a href=\"\/es\/catalogo\/?e=473510\">EDICE &#8211; Conf. Episc.<\/a><\/li><li><a href=\"\/es\/catalogo\/?e=531914\">EDICE CONFERENCIA EPISCOPAL<\/a><\/li><li><a href=\"\/es\/catalogo\/?e=530754\">EDICE, EDITORIAL<\/a><\/li><li><a href=\"\/es\/catalogo\/?e=473511\">EDICIONES EL ALMENDRO<\/a><\/li><li><a href=\"\/es\/catalogo\/?e=510143\">EDICIONES FEADULTA<\/a><\/li><li><a href=\"\/es\/catalogo\/?e=473512\">EDITORIAL PASO DE BARCA<\/a><\/li><li><a href=\"\/es\/catalogo\/?e=531881\">Editorial Verbo Divino<\/a><\/li><li><a href=\"\/es\/catalogo\/?e=473513\">ENRIQUE MAESTRE MARTINEZ-ALBACETE<\/a><\/li><li><a href=\"\/es\/catalogo\/?e=473514\">ESPIRITUALIDAD<\/a><\/li><li><a href=\"\/es\/catalogo\/?e=532978\">ESPIRITUALIDAD EDITORIAL<\/a><\/li><li><a href=\"\/es\/catalogo\/?e=473515\">ESTEVE AMIG\u00d3 I PAL\u00c9S<\/a><\/li><li><a href=\"\/es\/catalogo\/?e=473516\">Facultat Teologia de Catalunya<\/a><\/li><li><a href=\"\/es\/catalogo\/?e=473517\">FAMILIA DE JESUS, S.L.<\/a><\/li><li><a href=\"\/es\/catalogo\/?e=530939\">FE ADULTA<\/a><\/li><li><a href=\"\/es\/catalogo\/?e=473518\">FRANCESC NICOLAU I POUS<\/a><\/li><li><a href=\"\/es\/catalogo\/?e=473519\">FRANCESC PLANAS I COMES<\/a><\/li><li><a href=\"\/es\/catalogo\/?e=473520\">FRANCISCO TAUSTE ALCOCER<\/a><\/li><li><a href=\"\/es\/catalogo\/?e=473521\">FUNDACI\u00d3 CULTURAL PRIVADA PADRE DAMI\u00c1N<\/a><\/li><li><a href=\"\/es\/catalogo\/?e=473522\">FUNDACI\u00d3 ORIENTA<\/a><\/li><li><a href=\"\/es\/catalogo\/?e=473523\">FUNDACION MAIOR<\/a><\/li><li><a href=\"\/es\/catalogo\/?e=473524\">HERDER<\/a><\/li><li><a href=\"\/es\/catalogo\/?e=530081\">HOLMAN<\/a><\/li><li><a href=\"\/es\/catalogo\/?e=473525\">HUELVA LLAMAS, M.CARMEN<\/a><\/li><li><a href=\"\/es\/catalogo\/?e=505754\">ISCREB<\/a><\/li><li><a href=\"\/es\/catalogo\/?e=473526\">JORDI CASTELLET SALA<\/a><\/li><li><a href=\"\/es\/catalogo\/?e=473527\">JOSEP BAQUER SISTACH<\/a><\/li><li><a href=\"\/es\/catalogo\/?e=473528\">JOSEP RUAIX I VINYET<\/a><\/li><li><a href=\"\/es\/catalogo\/?e=473529\">LUDEVID MASANA, ANNA<\/a><\/li><li><a href=\"\/es\/catalogo\/?e=473530\">MATEU TERRATS I OLIVER<\/a><\/li><li><a href=\"\/es\/catalogo\/?e=473531\">MENSAJERO<\/a><\/li><li><a href=\"\/es\/catalogo\/?e=473532\">MN. FRANCESC XAVIER BASTIDA<\/a><\/li><li><a href=\"\/es\/catalogo\/?e=473533\">Mn..JOAN CASAS GRIERA<\/a><\/li><li><a href=\"\/es\/catalogo\/?e=473534\">Monte Carmelo<\/a><\/li><li><a href=\"\/es\/catalogo\/?e=473535\">MONTSERRAT CLAVERAS<\/a><\/li><li><a href=\"\/es\/catalogo\/?e=473536\">MONTSERRAT M. DESCHAMPS<\/a><\/li><li><a href=\"\/es\/catalogo\/?e=529542\">MUNDO BIBLIA<\/a><\/li><li><a href=\"\/es\/catalogo\/?e=473537\">N\u00daRIA VENDRELL VENTAYOL<\/a><\/li><li><a href=\"\/es\/catalogo\/?e=473538\">ORDEN DE LA MERCED<\/a><\/li><li><a href=\"\/es\/catalogo\/?e=531311\">PALABRA<\/a><\/li><li><a href=\"\/es\/catalogo\/?e=473539\">PARES CLARETIANS<\/a><\/li><li><a href=\"\/es\/catalogo\/?e=473540\">PEDRO ARRIBAS I BARTOLOM\u00c9<\/a><\/li><li><a href=\"\/es\/catalogo\/?e=473541\">PPC (ACENTO)<\/a><\/li><li><a href=\"\/es\/catalogo\/?e=473542\">PPC altres<\/a><\/li><li><a href=\"\/es\/catalogo\/?e=530725\">PROA, S.A. EDICIONS<\/a><\/li><li><a href=\"\/es\/catalogo\/?e=473543\">Publicaciones Claretianas<\/a><\/li><li><a href=\"\/es\/catalogo\/?e=473544\">PUBLICACIONES CLARETIANAS (ARGENTINA)<\/a><\/li><li><a href=\"\/es\/catalogo\/?e=528298\">PUBLICACIONS ABADIA MONTSERRAT<\/a><\/li><li><a href=\"\/es\/catalogo\/?e=473545\">PUBLICACIONS DE L&#8217;ABADIA DE MONTSERRAT<\/a><\/li><li><a href=\"\/es\/catalogo\/?e=473546\">Rialp<\/a><\/li><li><a href=\"\/es\/catalogo\/?e=473547\">RODRIGUEZ CORRAL, JOSE RAMON<\/a><\/li><li><a href=\"\/es\/catalogo\/?e=473548\">Sal Terrae<\/a><\/li><li><a href=\"\/es\/catalogo\/?e=531214\">Salterrae<\/a><\/li><li><a href=\"\/es\/catalogo\/?e=473549\">SAN PABLO COMUNICACION altres<\/a><\/li><li><a href=\"\/es\/catalogo\/?e=473550\">SAN PABLO COMUNICACI\u00d3N videos<\/a><\/li><li><a href=\"\/es\/catalogo\/?e=473551\">SANTIAGO TINTORE FERRER<\/a><\/li><li><a href=\"\/es\/catalogo\/?e=473552\">Secretariado Trinitario<\/a><\/li><li><a href=\"\/es\/catalogo\/?e=473553\">SEMINARI POBLE DE DEU<\/a><\/li><li><a href=\"\/es\/catalogo\/?e=531844\">SIGLO XXI ARGENTINA<\/a><\/li><li><a href=\"\/es\/catalogo\/?e=514962\">SIGLO XXI, EDICIONES<\/a><\/li><li><a href=\"\/es\/catalogo\/?e=473554\">S\u00edgueme<\/a><\/li><li><a href=\"\/es\/catalogo\/?e=473555\">S\u00cdGUEME (ATENAS)<\/a><\/li><li><a href=\"\/es\/catalogo\/?e=505379\">Sociedad B\u00edblica<\/a><\/li><li><a href=\"\/es\/catalogo\/?e=505380\">SOCIEDAD BIBLICA<\/a><\/li><li><a href=\"\/es\/catalogo\/?e=473556\">SR. JOSEP M\u00aa BASTE<\/a><\/li><li><a href=\"\/es\/catalogo\/?e=473557\">SR. JOSEP MARIA GREGORI<\/a><\/li><li><a href=\"\/es\/catalogo\/?e=473558\">SRA. TERESA SOL\u00c0 SIM\u00d3N<\/a><\/li><li><a href=\"\/es\/catalogo\/?e=531730\">TAIZE<\/a><\/li><li><a href=\"\/es\/catalogo\/?e=473559\">TEMAS DE HOY EDICIONES<\/a><\/li><li><a href=\"\/es\/catalogo\/?e=473560\">VERBO DIVINO<\/a><\/li><li><a href=\"\/es\/catalogo\/?e=532209\">X_depurar<\/a><\/li><\/ul><div id=\"panel-8209-0-0-0\" class=\"so-panel widget widget_sow-editor panel-first-child panel-last-child\" data-index=\"0\" ><div\n\t\t\t\n\t\t\tclass=\"so-widget-sow-editor so-widget-sow-editor-base\"\n\t\t\t\n\t\t>\n<div class=\"siteorigin-widget-tinymce textwidget\">\n\t\n<\/div>\n<\/div><\/div><\/div><\/div><\/div>","protected":false},"excerpt":{"rendered":"<p>_ A B C D E F G H I J K L M N O P Q R S T U V W X Y Z ABADIA DE MONTSERRATABADIA MONTSERRAT\/PAMSAAKALALBADA S.L.ALIENTA EDITORIALAPOST. ORACI\u00d3N-SEVILLAAPOSTOLADO DIVINA MISERICORDIAAPOSTOLADO ORACI\u00d3N (ALONSO)ARANTZAZUAsociaci\u00f3n B\u00edblica de Cat. (Biblias)ASSOCIACI\u00d3 CRISTIANISME AL SEGLE XXIASSOCIACI\u00d3 D&#8217;EDITORS DE LA BCIB.A.C.B&#038;H ESPA\u00d1OLBACBIBLIOTECA AUTORES CRI B.A.CBIBLIOTECA AUTORES [&hellip;]<\/p>\n","protected":false},"author":2,"featured_media":0,"parent":0,"menu_order":4,"comment_status":"closed","ping_status":"closed","template":"template-fullwidth.php","meta":{"_acf_changed":false,"rs_blank_template":"","rs_page_bg_color":"","slide_template_v7":"","inline_featured_image":false,"_monsterinsights_skip_tracking":false,"_monsterinsights_sitenote_active":false,"_monsterinsights_sitenote_note":"","_monsterinsights_sitenote_category":0,"footnotes":""},"class_list":["post-8209","page","type-page","status-publish","hentry"],"acf":[],"_links":{"self":[{"href":"https:\/\/distribuidora.claret.cat\/es\/wp-json\/wp\/v2\/pages\/8209","targetHints":{"allow":["GET"]}}],"collection":[{"href":"https:\/\/distribuidora.claret.cat\/es\/wp-json\/wp\/v2\/pages"}],"about":[{"href":"https:\/\/distribuidora.claret.cat\/es\/wp-json\/wp\/v2\/types\/page"}],"author":[{"embeddable":true,"href":"https:\/\/distribuidora.claret.cat\/es\/wp-json\/wp\/v2\/users\/2"}],"replies":[{"embeddable":true,"href":"https:\/\/distribuidora.claret.cat\/es\/wp-json\/wp\/v2\/comments?post=8209"}],"version-history":[{"count":0,"href":"https:\/\/distribuidora.claret.cat\/es\/wp-json\/wp\/v2\/pages\/8209\/revisions"}],"wp:attachment":[{"href":"https:\/\/distribuidora.claret.cat\/es\/wp-json\/wp\/v2\/media?parent=8209"}],"curies":[{"name":"wp","href":"https:\/\/api.w.org\/{rel}","templated":true}]}}